{"id":2919,"date":"2022-05-02T18:16:40","date_gmt":"2022-05-02T18:16:40","guid":{"rendered":"https:\/\/gsaranyjanos.ro\/?page_id=2919"},"modified":"2023-07-04T12:33:29","modified_gmt":"2023-07-04T12:33:29","slug":"istoricul","status":"publish","type":"page","link":"https:\/\/gsaranyjanos.ro\/?page_id=2919","title":{"rendered":"Istoricul"},"content":{"rendered":"\t\t<div data-elementor-type=\"wp-page\" data-elementor-id=\"2919\" class=\"elementor elementor-2919\">\n\t\t\t\t\t\t<section class=\"elementor-section elementor-top-section elementor-element elementor-element-6a098cb elementor-section-boxed elementor-section-height-default elementor-section-height-default\" data-id=\"6a098cb\" data-element_type=\"section\" data-e-type=\"section\">\n\t\t\t\t\t\t<div class=\"elementor-container elementor-column-gap-default\">\n\t\t\t\t\t<div class=\"elementor-column elementor-col-100 elementor-top-column elementor-element elementor-element-8520e6b\" data-id=\"8520e6b\" data-element_type=\"column\" data-e-type=\"column\">\n\t\t\t<div class=\"elementor-widget-wrap elementor-element-populated\">\n\t\t\t\t\t\t<div class=\"elementor-element elementor-element-75af8f8 elementor-widget elementor-widget-text-editor\" data-id=\"75af8f8\" data-element_type=\"widget\" data-e-type=\"widget\" data-widget_type=\"text-editor.default\">\n\t\t\t\t<div class=\"elementor-widget-container\">\n\t\t\t\t\t\t\t\t\t<p style=\"font-family: Arial, Helvetica, sans-serif; color: #000000; font-size: medium; font-style: normal; font-variant-ligatures: normal; font-variant-caps: normal; font-weight: 400; letter-spacing: normal; text-align: start; text-indent: 0px; text-transform: none; white-space: normal; word-spacing: 0px; -webkit-text-stroke-width: 0px;\"><span style=\"color: #000000;\">\u00cencep\u00e2nd cu anul\u00a0<span style=\"font-weight: bold;\">1711\u00a0<\/span>avem izvoare documentare autentice care vorbesc despre\u00a0<span style=\"font-weight: bold;\">&#8220;schola reformata Salontainsis&#8221;<\/span><span style=\"font-weight: bold;\">.<\/span><\/span><\/p><p style=\"font-family: Arial, Helvetica, sans-serif; color: #000000; font-size: medium; font-style: normal; font-variant-ligatures: normal; font-variant-caps: normal; font-weight: 400; letter-spacing: normal; text-align: start; text-indent: 0px; text-transform: none; white-space: normal; word-spacing: 0px; -webkit-text-stroke-width: 0px;\"><span style=\"color: #000000;\">\u00cen anul\u00a0<span style=\"font-weight: bold;\">1849<\/span>\u00a0este atestat\u0103\u00a0<span style=\"font-weight: bold;\">&#8220;\u015ecoala de b\u0103ie\u0163i&#8221;<\/span>\u00a0care func\u0163iona \u00een cl\u0103direa de pe strada Aurel Laz\u0103r, pomenit sub denumirea de\u00a0<span style=\"font-weight: bold;\">&#8220;\u015ecoala cea Mare&#8221;<\/span>.<\/span><\/p><p style=\"font-family: Arial, Helvetica, sans-serif; color: #000000; font-size: medium; font-style: normal; font-variant-ligatures: normal; font-variant-caps: normal; font-weight: 400; letter-spacing: normal; text-align: start; text-indent: 0px; text-transform: none; white-space: normal; word-spacing: 0px; -webkit-text-stroke-width: 0px;\"><span style=\"color: #000000;\">\u00cen 1906 s-a \u00eenfiin\u0163at &#8220;\u015ecoala Gimnazial\u0103 cu 4 clase pentru fete&#8221;, care s-a transformat \u00een &#8220;Gimnaziul unic pentru fete&#8221;.<\/span><\/p><p><span style=\"font-family: Arial, Helvetica, sans-serif; color: #000000; font-size: medium; font-style: normal; font-variant-ligatures: normal; font-variant-caps: normal; font-weight: 400; letter-spacing: normal; text-align: start; text-indent: 0px; text-transform: none; white-space: normal; word-spacing: 0px; -webkit-text-stroke-width: 0px;\">La data de 15 septembrie\u00a0<span style=\"font-weight: bold;\">1970<\/span>\u00a0s-a dat \u00een folosin\u0163\u0103 cl\u0103direa modern\u0103, cu 16 s\u0103li de clase, laboratoare, cabinete moderne, \u0219i \u00eenc\u0103lzire central\u0103.<\/span><\/p><p style=\"font-family: Arial, Helvetica, sans-serif; color: #000000; font-size: medium; font-style: normal; font-variant-ligatures: normal; font-variant-caps: normal; font-weight: 400; letter-spacing: normal; text-indent: 0px; text-transform: none; white-space: normal; word-spacing: 0px; -webkit-text-stroke-width: 0px;\" align=\"justify\"><span style=\"color: #000000;\"><span style=\"font-weight: bold;\">Liceul Teoretic \u201eArany J\u00e1nos\u201d<\/span>\u00a0este o institu\u0163ie de \u00eenv\u0103\u0163\u0103m\u00e2nt de stat cu personalitate juridic\u0103, \u00eenfiin\u0163at\u0103 \u00eencep\u00e2nd cu anul \u015fcolar\u00a0<span style=\"font-weight: bold;\">2011-2012<\/span>\u00a0prin reorganizarea Colegiului Na\u0163ional \u201eArany J\u00e1nos\u201d \u015fi a \u015ecolii cu clasele I-VIII \u201eArany J\u00e1nos\u201d din Salonta.<\/span><\/p>\t\t\t\t\t\t\t\t<\/div>\n\t\t\t\t<\/div>\n\t\t\t\t\t<\/div>\n\t\t<\/div>\n\t\t\t\t\t<\/div>\n\t\t<\/section>\n\t\t\t\t<\/div>\n\t\t","protected":false},"excerpt":{"rendered":"<p>\u00cencep\u00e2nd cu anul\u00a01711\u00a0avem izvoare documentare autentice care vorbesc despre\u00a0&#8220;schola reformata Salontainsis&#8221;. \u00cen anul\u00a01849\u00a0este atestat\u0103\u00a0&#8220;\u015ecoala de b\u0103ie\u0163i&#8221;\u00a0care func\u0163iona \u00een cl\u0103direa de pe strada Aurel Laz\u0103r, pomenit sub denumirea de\u00a0&#8220;\u015ecoala cea Mare&#8221;. \u00cen 1906 s-a \u00eenfiin\u0163at &#8220;\u015ecoala Gimnazial\u0103 cu 4 clase pentru fete&#8221;, care s-a transformat \u00een &#8220;Gimnaziul unic pentru fete&#8221;. La data de 15 septembrie\u00a01970\u00a0s-a dat [&hellip;]<\/p>\n","protected":false},"author":1,"featured_media":0,"parent":2915,"menu_order":0,"comment_status":"closed","ping_status":"closed","template":"","meta":{"ocean_post_layout":"full-screen","ocean_both_sidebars_style":"","ocean_both_sidebars_content_width":0,"ocean_both_sidebars_sidebars_width":0,"ocean_sidebar":"0","ocean_second_sidebar":"0","ocean_disable_margins":"on","ocean_add_body_class":"","ocean_shortcode_before_top_bar":"","ocean_shortcode_after_top_bar":"","ocean_shortcode_before_header":"","ocean_shortcode_after_header":"","ocean_has_shortcode":"","ocean_shortcode_after_title":"","ocean_shortcode_before_footer_widgets":"","ocean_shortcode_after_footer_widgets":"","ocean_shortcode_before_footer_bottom":"","ocean_shortcode_after_footer_bottom":"","ocean_display_top_bar":"off","ocean_display_header":"on","ocean_header_style":"","ocean_center_header_left_menu":"0","ocean_custom_header_template":"0","ocean_custom_logo":0,"ocean_custom_retina_logo":0,"ocean_custom_logo_max_width":0,"ocean_custom_logo_tablet_max_width":0,"ocean_custom_logo_mobile_max_width":0,"ocean_custom_logo_max_height":0,"ocean_custom_logo_tablet_max_height":0,"ocean_custom_logo_mobile_max_height":0,"ocean_header_custom_menu":"42","ocean_menu_typo_font_family":"0","ocean_menu_typo_font_subset":"","ocean_menu_typo_font_size":0,"ocean_menu_typo_font_size_tablet":0,"ocean_menu_typo_font_size_mobile":0,"ocean_menu_typo_font_size_unit":"px","ocean_menu_typo_font_weight":"","ocean_menu_typo_font_weight_tablet":"","ocean_menu_typo_font_weight_mobile":"","ocean_menu_typo_transform":"","ocean_menu_typo_transform_tablet":"","ocean_menu_typo_transform_mobile":"","ocean_menu_typo_line_height":0,"ocean_menu_typo_line_height_tablet":0,"ocean_menu_typo_line_height_mobile":0,"ocean_menu_typo_line_height_unit":"","ocean_menu_typo_spacing":0,"ocean_menu_typo_spacing_tablet":0,"ocean_menu_typo_spacing_mobile":0,"ocean_menu_typo_spacing_unit":"","ocean_menu_link_color":"","ocean_menu_link_color_hover":"","ocean_menu_link_color_active":"","ocean_menu_link_background":"","ocean_menu_link_hover_background":"","ocean_menu_link_active_background":"","ocean_menu_social_links_bg":"","ocean_menu_social_hover_links_bg":"","ocean_menu_social_links_color":"","ocean_menu_social_hover_links_color":"","ocean_disable_title":"default","ocean_disable_heading":"default","ocean_post_title":"","ocean_post_subheading":"","ocean_post_title_style":"","ocean_post_title_background_color":"","ocean_post_title_background":0,"ocean_post_title_bg_image_position":"","ocean_post_title_bg_image_attachment":"","ocean_post_title_bg_image_repeat":"","ocean_post_title_bg_image_size":"","ocean_post_title_height":0,"ocean_post_title_bg_overlay":0.5,"ocean_post_title_bg_overlay_color":"","ocean_disable_breadcrumbs":"off","ocean_breadcrumbs_color":"","ocean_breadcrumbs_separator_color":"","ocean_breadcrumbs_links_color":"","ocean_breadcrumbs_links_hover_color":"","ocean_display_footer_widgets":"off","ocean_display_footer_bottom":"off","ocean_custom_footer_template":"0","footnotes":""},"class_list":["post-2919","page","type-page","status-publish","hentry","entry"],"_links":{"self":[{"href":"https:\/\/gsaranyjanos.ro\/index.php?rest_route=\/wp\/v2\/pages\/2919","targetHints":{"allow":["GET"]}}],"collection":[{"href":"https:\/\/gsaranyjanos.ro\/index.php?rest_route=\/wp\/v2\/pages"}],"about":[{"href":"https:\/\/gsaranyjanos.ro\/index.php?rest_route=\/wp\/v2\/types\/page"}],"author":[{"embeddable":true,"href":"https:\/\/gsaranyjanos.ro\/index.php?rest_route=\/wp\/v2\/users\/1"}],"replies":[{"embeddable":true,"href":"https:\/\/gsaranyjanos.ro\/index.php?rest_route=%2Fwp%2Fv2%2Fcomments&post=2919"}],"version-history":[{"count":25,"href":"https:\/\/gsaranyjanos.ro\/index.php?rest_route=\/wp\/v2\/pages\/2919\/revisions"}],"predecessor-version":[{"id":3313,"href":"https:\/\/gsaranyjanos.ro\/index.php?rest_route=\/wp\/v2\/pages\/2919\/revisions\/3313"}],"up":[{"embeddable":true,"href":"https:\/\/gsaranyjanos.ro\/index.php?rest_route=\/wp\/v2\/pages\/2915"}],"wp:attachment":[{"href":"https:\/\/gsaranyjanos.ro\/index.php?rest_route=%2Fwp%2Fv2%2Fmedia&parent=2919"}],"curies":[{"name":"wp","href":"https:\/\/api.w.org\/{rel}","templated":true}]}}