{"id":970,"date":"2021-08-30T06:03:25","date_gmt":"2021-08-30T06:03:25","guid":{"rendered":"https:\/\/gsaranyjanos.ro\/?page_id=970"},"modified":"2025-02-28T19:23:05","modified_gmt":"2025-02-28T19:23:05","slug":"propueris","status":"publish","type":"page","link":"https:\/\/gsaranyjanos.ro\/?page_id=970","title":{"rendered":"ProPueris_hu"},"content":{"rendered":"\t\t<div data-elementor-type=\"wp-page\" data-elementor-id=\"970\" class=\"elementor elementor-970\">\n\t\t\t\t\t\t<section class=\"elementor-section elementor-top-section elementor-element elementor-element-23c6927 elementor-section-boxed elementor-section-height-default elementor-section-height-default\" data-id=\"23c6927\" data-element_type=\"section\" data-e-type=\"section\">\n\t\t\t\t\t\t<div class=\"elementor-container elementor-column-gap-default\">\n\t\t\t\t\t<div class=\"elementor-column elementor-col-100 elementor-top-column elementor-element elementor-element-0f98efb\" data-id=\"0f98efb\" data-element_type=\"column\" data-e-type=\"column\">\n\t\t\t<div class=\"elementor-widget-wrap elementor-element-populated\">\n\t\t\t\t\t\t<div class=\"elementor-element elementor-element-08d47f4 elementor-widget elementor-widget-text-editor\" data-id=\"08d47f4\" data-element_type=\"widget\" data-e-type=\"widget\" data-widget_type=\"text-editor.default\">\n\t\t\t\t<div class=\"elementor-widget-container\">\n\t\t\t\t\t\t\t\t\t<p>A Pro Pueris (A gyerekek\u00e9rt) Egyes\u00fclet az Arany J\u00e1nos Elm\u00e9leti L\u00edceum sz\u00fcl\u0151bizotts\u00e1g\u00e1nak egyes\u00fclete. Sz\u00e9khelye az iskola 5.-8. oszt\u00e1lyokat foglalkoztat\u00f3 \u00e9p\u00fclet\u00e9ben van, eln\u00f6ke K\u00e1d\u00e1r Annam\u00e1ria.<br \/>Az Egyes\u00fclet els\u0151dleges c\u00e9lja az iskola di\u00e1kjainak t\u00e1mogat\u00e1sa legyen sz\u00f3 ak\u00e1r iskolai, ak\u00e1r iskol\u00e1n k\u00edv\u00fcli tev\u00e9kenys\u00e9gekr\u0151l. C\u00e9ljai k\u00f6z\u00e9 tartozik m\u00e9g az iskola felszerel\u00e9s\u00e9nek moderniz\u00e1l\u00e1s\u00e1ban val\u00f3 t\u00e1mogat\u00e1s.<br \/>Az egyes\u00fclet seg\u00edts\u00e9get ny\u00fajt a versenyeredm\u00e9nyeket (tanulm\u00e1nyi \u00e9s tant\u00e1rgy olimpi\u00e1k, sportversenyek) el\u00e9rt tanul\u00f3k t\u00e1mogat\u00e1s\u00e1ban. Anyagi t\u00e1mogat\u00e1st ny\u00fajt az ezen versenyekre, kultur\u00e1lis, sport vagy egy\u00e9b ter\u00fclethez tartoz\u00f3 rendezv\u00e9nyekre val\u00f3 kiutaz\u00e1shoz mind a di\u00e1k mind a k\u00eds\u00e9r\u0151 pedag\u00f3gus sz\u00e1m\u00e1ra \u00e9s jutalomban r\u00e9szes\u00edti a kiemelked\u0151 eredm\u00e9nyeket el\u00e9rt di\u00e1kokat. Jutalomban r\u00e9szes\u00edti az iskola\u00e9v v\u00e9g\u00e9n kiv\u00e1l\u00f3 tanulm\u00e1nyi eredm\u00e9nyeket el\u00e9rt tanul\u00f3kat, \u00e9vfolyamels\u0151ket. Anyagi t\u00e1mogat\u00e1st ny\u00fajt az iskola di\u00e1kjai sz\u00e1m\u00e1ra szervezett tudom\u00e1nyos di\u00e1kt\u00e1borok, konferenci\u00e1k, rendezv\u00e9nyek szervez\u00e9s\u00e9hez.<\/p><p>A teljess\u00e9g ig\u00e9nye n\u00e9lk\u00fcl a Pro Pueris Egyes\u00fclet megalakul\u00e1sa \u00f3ta a k\u00f6vetkez\u0151 t\u00e1mogat\u00e1sokat ny\u00fajtotta:<\/p>\t\t\t\t\t\t\t\t<\/div>\n\t\t\t\t<\/div>\n\t\t\t\t<section class=\"elementor-section elementor-inner-section elementor-element elementor-element-275878d elementor-section-boxed elementor-section-height-default elementor-section-height-default\" data-id=\"275878d\" data-element_type=\"section\" data-e-type=\"section\">\n\t\t\t\t\t\t<div class=\"elementor-container elementor-column-gap-default\">\n\t\t\t\t\t<div class=\"elementor-column elementor-col-50 elementor-inner-column elementor-element elementor-element-4aeca09\" data-id=\"4aeca09\" data-element_type=\"column\" data-e-type=\"column\">\n\t\t\t<div class=\"elementor-widget-wrap elementor-element-populated\">\n\t\t\t\t\t\t<div class=\"elementor-element elementor-element-fc70662 elementor-widget__width-initial elementor-widget elementor-widget-text-editor\" data-id=\"fc70662\" data-element_type=\"widget\" data-e-type=\"widget\" data-widget_type=\"text-editor.default\">\n\t\t\t\t<div class=\"elementor-widget-container\">\n\t\t\t\t\t\t\t\t\t<ul>\n<li>tan\u00e9v v\u00e9g\u00e9n k\u00f6nyvutalv\u00e1nyban r\u00e9szes\u00edtette a kimagasl\u00f3 tanulm\u00e1nyi eredm\u00e9nyeket el\u00e9rt di\u00e1kokat, minden oszt\u00e1lyb\u00f3l az els\u0151 h\u00e1rom legmagasabb tanulm\u00e1nyi eredm\u00e9ny\u0171 tanul\u00f3t<\/li>\n<li>jutalomban r\u00e9szes\u00edtette a VIII. \u00e9s XII. oszt\u00e1lyok \u00e9vfolyamels\u0151it<\/li>\n<li>d\u00edjazta a tant\u00e1rgyversenyek megyei, orsz\u00e1gos illetve nemzetk\u00f6zi fordul\u00f3in legal\u00e1bb dics\u00e9retet el\u00e9rt di\u00e1kokat, finansz\u00edrozta a di\u00e1kok utaz\u00e1si k\u00f6lts\u00e9geit<\/li>\n<li>anyagi t\u00e1mogat\u00e1st ny\u00fajtott a di\u00e1kt\u00e1borok megszervez\u00e9s\u00e9ben (Sonkolyos, Torock\u00f3, Algy\u00f3gy, \u2026)<\/li>\n<li>anyagiakban hozz\u00e1j\u00e1rult az iskolar\u00e1di\u00f3 felszerel\u00e9s\u00e9nek beszerz\u00e9s\u00e9hez<\/li>\n<li>egy-egy, az iskola log\u00f3j\u00e1val ell\u00e1tott p\u00f3l\u00f3val, fels\u0151vel t\u00e1mogatta a valamilyen iskolai tev\u00e9kenys\u00e9gben r\u00e9szt vev\u0151 di\u00e1kokat<\/li>\n<\/ul>\t\t\t\t\t\t\t\t<\/div>\n\t\t\t\t<\/div>\n\t\t\t\t\t<\/div>\n\t\t<\/div>\n\t\t\t\t<div class=\"elementor-column elementor-col-50 elementor-inner-column elementor-element elementor-element-29ed570\" data-id=\"29ed570\" data-element_type=\"column\" data-e-type=\"column\">\n\t\t\t<div class=\"elementor-widget-wrap elementor-element-populated\">\n\t\t\t\t\t\t<div class=\"elementor-element elementor-element-6938807 elementor-widget elementor-widget-image\" data-id=\"6938807\" data-element_type=\"widget\" data-e-type=\"widget\" data-widget_type=\"image.default\">\n\t\t\t\t<div class=\"elementor-widget-container\">\n\t\t\t\t\t\t\t\t\t\t\t\t\t\t\t<img fetchpriority=\"high\" decoding=\"async\" width=\"300\" height=\"300\" src=\"https:\/\/gsaranyjanos.ro\/wp-content\/uploads\/2023\/07\/ProPueris_hattermentes-300x300.gif\" class=\"attachment-medium size-medium wp-image-3635\" alt=\"\" srcset=\"https:\/\/gsaranyjanos.ro\/wp-content\/uploads\/2023\/07\/ProPueris_hattermentes-300x300.gif 300w, https:\/\/gsaranyjanos.ro\/wp-content\/uploads\/2023\/07\/ProPueris_hattermentes-1024x1020.gif 1024w, https:\/\/gsaranyjanos.ro\/wp-content\/uploads\/2023\/07\/ProPueris_hattermentes-150x150.gif 150w, https:\/\/gsaranyjanos.ro\/wp-content\/uploads\/2023\/07\/ProPueris_hattermentes-768x765.gif 768w, https:\/\/gsaranyjanos.ro\/wp-content\/uploads\/2023\/07\/ProPueris_hattermentes-600x600.gif 600w\" sizes=\"(max-width: 300px) 100vw, 300px\" \/>\t\t\t\t\t\t\t\t\t\t\t\t\t\t\t<\/div>\n\t\t\t\t<\/div>\n\t\t\t\t\t<\/div>\n\t\t<\/div>\n\t\t\t\t\t<\/div>\n\t\t<\/section>\n\t\t\t\t<div class=\"elementor-element elementor-element-9ce01fe elementor-widget elementor-widget-text-editor\" data-id=\"9ce01fe\" data-element_type=\"widget\" data-e-type=\"widget\" data-widget_type=\"text-editor.default\">\n\t\t\t\t<div class=\"elementor-widget-container\">\n\t\t\t\t\t\t\t\t\t<p>Az Pro Pueris Egyes\u00fclet anyagi forr\u00e1sait csak adom\u00e1nyokb\u00f3l kapja, semmilyen m\u00e1s bev\u00e9tellel nem rendelkezik. A sz\u00fcl\u0151k \u00f6nk\u00e9ntes adom\u00e1nyainak \u00f6sszeg\u00e9t a sz\u00fcl\u0151bizotts\u00e1g tagjai hat\u00e1rozz\u00e1k meg a minden tan\u00e9v elej\u00e9n sorra ker\u00fcl\u0151 rendszeres gy\u0171l\u00e9s\u00fck\u00f6n. Ezen a gy\u0171l\u00e9sen ker\u00fcl sorra az Egyes\u00fclet \u00e9ves m\u00e9rleg\u00e9nek bemutat\u00e1sa is. Az Egyes\u00fclet az adom\u00e1nyokb\u00f3l befoly\u00f3 \u00f6sszeget olyan kiad\u00e1sokra, t\u00e1mogat\u00e1sra ford\u00edtja, melyek az iskola k\u00f6lts\u00e9gvet\u00e9s\u00e9b\u0151l nem fedezhet\u0151k. Ez\u00faton is szeretn\u00e9 megk\u00f6sz\u00f6nni azon kedves sz\u00fcl\u0151knek, nagysz\u00fcl\u0151knek, rokonoknak, ismer\u0151s\u00f6knek \u00e9s ismeretleneknek, akik adom\u00e1nyaikkal \u00f6nzetlen\u00fcl hozz\u00e1j\u00e1rultak az iskola di\u00e1kjainak t\u00e1mogat\u00e1s\u00e1hoz.<\/p><p>Adom\u00e1nyaikkal t\u00e1mogathatnak benn\u00fcnket ezut\u00e1n is a szokott m\u00f3don, illetve a k\u00f6vetkez\u0151 sz\u00e1mlasz\u00e1mon:<br \/><br \/><strong>Asocia\u021bia Pro Pueris, Banca Transilvania,<\/strong> cont: <strong>RO74BTRLRONCRT0T127DF301<\/strong><\/p>\t\t\t\t\t\t\t\t<\/div>\n\t\t\t\t<\/div>\n\t\t\t\t<div class=\"elementor-element elementor-element-81ff1b0 elementor-widget-divider--view-line elementor-widget elementor-widget-divider\" data-id=\"81ff1b0\" data-element_type=\"widget\" data-e-type=\"widget\" data-widget_type=\"divider.default\">\n\t\t\t\t<div class=\"elementor-widget-container\">\n\t\t\t\t\t\t\t<div class=\"elementor-divider\">\n\t\t\t<span class=\"elementor-divider-separator\">\n\t\t\t\t\t\t<\/span>\n\t\t<\/div>\n\t\t\t\t\t\t<\/div>\n\t\t\t\t<\/div>\n\t\t\t\t\t<\/div>\n\t\t<\/div>\n\t\t\t\t\t<\/div>\n\t\t<\/section>\n\t\t\t\t<section class=\"elementor-section elementor-top-section elementor-element elementor-element-472fbef0 elementor-section-content-middle elementor-section-boxed elementor-section-height-default elementor-section-height-default\" data-id=\"472fbef0\" data-element_type=\"section\" data-e-type=\"section\" data-settings=\"{&quot;background_background&quot;:&quot;classic&quot;}\">\n\t\t\t\t\t\t<div class=\"elementor-container elementor-column-gap-default\">\n\t\t\t\t\t<div class=\"elementor-column elementor-col-50 elementor-top-column elementor-element elementor-element-6b2cea43\" data-id=\"6b2cea43\" data-element_type=\"column\" data-e-type=\"column\">\n\t\t\t<div class=\"elementor-widget-wrap elementor-element-populated\">\n\t\t\t\t\t\t<div class=\"elementor-element elementor-element-40c241f7 elementor-widget elementor-widget-text-editor\" data-id=\"40c241f7\" data-element_type=\"widget\" data-e-type=\"widget\" data-widget_type=\"text-editor.default\">\n\t\t\t\t<div class=\"elementor-widget-container\">\n\t\t\t\t\t\t\t\t\t<p style=\"text-align: left;\"><span style=\"color: #ffffff;\">\u00a9 COPYRIGHT &#8211; ARANY J\u00c1NOS L\u00edCEUM 2023<\/span><\/p>\t\t\t\t\t\t\t\t<\/div>\n\t\t\t\t<\/div>\n\t\t\t\t\t<\/div>\n\t\t<\/div>\n\t\t\t\t<div class=\"elementor-column elementor-col-50 elementor-top-column elementor-element elementor-element-19ed6d31\" data-id=\"19ed6d31\" data-element_type=\"column\" data-e-type=\"column\">\n\t\t\t<div class=\"elementor-widget-wrap\">\n\t\t\t\t\t\t\t<\/div>\n\t\t<\/div>\n\t\t\t\t\t<\/div>\n\t\t<\/section>\n\t\t\t\t<\/div>\n\t\t","protected":false},"excerpt":{"rendered":"<p>A Pro Pueris (A gyerekek\u00e9rt) Egyes\u00fclet az Arany J\u00e1nos Elm\u00e9leti L\u00edceum sz\u00fcl\u0151bizotts\u00e1g\u00e1nak egyes\u00fclete. Sz\u00e9khelye az iskola 5.-8. oszt\u00e1lyokat foglalkoztat\u00f3 \u00e9p\u00fclet\u00e9ben van, eln\u00f6ke K\u00e1d\u00e1r Annam\u00e1ria.Az Egyes\u00fclet els\u0151dleges c\u00e9lja az iskola di\u00e1kjainak t\u00e1mogat\u00e1sa legyen sz\u00f3 ak\u00e1r iskolai, ak\u00e1r iskol\u00e1n k\u00edv\u00fcli tev\u00e9kenys\u00e9gekr\u0151l. C\u00e9ljai k\u00f6z\u00e9 tartozik m\u00e9g az iskola felszerel\u00e9s\u00e9nek moderniz\u00e1l\u00e1s\u00e1ban val\u00f3 t\u00e1mogat\u00e1s.Az egyes\u00fclet seg\u00edts\u00e9get ny\u00fajt a versenyeredm\u00e9nyeket (tanulm\u00e1nyi [&hellip;]<\/p>\n","protected":false},"author":1,"featured_media":0,"parent":3897,"menu_order":0,"comment_status":"closed","ping_status":"closed","template":"","meta":{"ocean_post_layout":"full-screen","ocean_both_sidebars_style":"","ocean_both_sidebars_content_width":0,"ocean_both_sidebars_sidebars_width":0,"ocean_sidebar":"0","ocean_second_sidebar":"0","ocean_disable_margins":"enable","ocean_add_body_class":"","ocean_shortcode_before_top_bar":"","ocean_shortcode_after_top_bar":"","ocean_shortcode_before_header":"","ocean_shortcode_after_header":"","ocean_has_shortcode":"","ocean_shortcode_after_title":"","ocean_shortcode_before_footer_widgets":"","ocean_shortcode_after_footer_widgets":"","ocean_shortcode_before_footer_bottom":"","ocean_shortcode_after_footer_bottom":"","ocean_display_top_bar":"off","ocean_display_header":"on","ocean_header_style":"","ocean_center_header_left_menu":"0","ocean_custom_header_template":"0","ocean_custom_logo":0,"ocean_custom_retina_logo":0,"ocean_custom_logo_max_width":0,"ocean_custom_logo_tablet_max_width":0,"ocean_custom_logo_mobile_max_width":0,"ocean_custom_logo_max_height":0,"ocean_custom_logo_tablet_max_height":0,"ocean_custom_logo_mobile_max_height":0,"ocean_header_custom_menu":"0","ocean_menu_typo_font_family":"0","ocean_menu_typo_font_subset":"","ocean_menu_typo_font_size":0,"ocean_menu_typo_font_size_tablet":0,"ocean_menu_typo_font_size_mobile":0,"ocean_menu_typo_font_size_unit":"px","ocean_menu_typo_font_weight":"","ocean_menu_typo_font_weight_tablet":"","ocean_menu_typo_font_weight_mobile":"","ocean_menu_typo_transform":"","ocean_menu_typo_transform_tablet":"","ocean_menu_typo_transform_mobile":"","ocean_menu_typo_line_height":0,"ocean_menu_typo_line_height_tablet":0,"ocean_menu_typo_line_height_mobile":0,"ocean_menu_typo_line_height_unit":"","ocean_menu_typo_spacing":0,"ocean_menu_typo_spacing_tablet":0,"ocean_menu_typo_spacing_mobile":0,"ocean_menu_typo_spacing_unit":"","ocean_menu_link_color":"","ocean_menu_link_color_hover":"","ocean_menu_link_color_active":"","ocean_menu_link_background":"","ocean_menu_link_hover_background":"","ocean_menu_link_active_background":"","ocean_menu_social_links_bg":"","ocean_menu_social_hover_links_bg":"","ocean_menu_social_links_color":"","ocean_menu_social_hover_links_color":"","ocean_disable_title":"default","ocean_disable_heading":"default","ocean_post_title":"","ocean_post_subheading":"","ocean_post_title_style":"","ocean_post_title_background_color":"","ocean_post_title_background":0,"ocean_post_title_bg_image_position":"","ocean_post_title_bg_image_attachment":"","ocean_post_title_bg_image_repeat":"","ocean_post_title_bg_image_size":"","ocean_post_title_height":0,"ocean_post_title_bg_overlay":0.5,"ocean_post_title_bg_overlay_color":"","ocean_disable_breadcrumbs":"off","ocean_breadcrumbs_color":"","ocean_breadcrumbs_separator_color":"","ocean_breadcrumbs_links_color":"","ocean_breadcrumbs_links_hover_color":"","ocean_display_footer_widgets":"off","ocean_display_footer_bottom":"off","ocean_custom_footer_template":"0","footnotes":""},"class_list":["post-970","page","type-page","status-publish","hentry","entry"],"_links":{"self":[{"href":"https:\/\/gsaranyjanos.ro\/index.php?rest_route=\/wp\/v2\/pages\/970","targetHints":{"allow":["GET"]}}],"collection":[{"href":"https:\/\/gsaranyjanos.ro\/index.php?rest_route=\/wp\/v2\/pages"}],"about":[{"href":"https:\/\/gsaranyjanos.ro\/index.php?rest_route=\/wp\/v2\/types\/page"}],"author":[{"embeddable":true,"href":"https:\/\/gsaranyjanos.ro\/index.php?rest_route=\/wp\/v2\/users\/1"}],"replies":[{"embeddable":true,"href":"https:\/\/gsaranyjanos.ro\/index.php?rest_route=%2Fwp%2Fv2%2Fcomments&post=970"}],"version-history":[{"count":137,"href":"https:\/\/gsaranyjanos.ro\/index.php?rest_route=\/wp\/v2\/pages\/970\/revisions"}],"predecessor-version":[{"id":6506,"href":"https:\/\/gsaranyjanos.ro\/index.php?rest_route=\/wp\/v2\/pages\/970\/revisions\/6506"}],"up":[{"embeddable":true,"href":"https:\/\/gsaranyjanos.ro\/index.php?rest_route=\/wp\/v2\/pages\/3897"}],"wp:attachment":[{"href":"https:\/\/gsaranyjanos.ro\/index.php?rest_route=%2Fwp%2Fv2%2Fmedia&parent=970"}],"curies":[{"name":"wp","href":"https:\/\/api.w.org\/{rel}","templated":true}]}}